{"id":122,"date":"2013-01-19T12:20:41","date_gmt":"2013-01-19T11:20:41","guid":{"rendered":"http:\/\/www.nvothmarsingen.ch\/?page_id=122"},"modified":"2015-11-08T10:58:03","modified_gmt":"2015-11-08T09:58:03","slug":"fotos-2012","status":"publish","type":"page","link":"https:\/\/www.nvothmarsingen.ch\/?page_id=122","title":{"rendered":"Fotos 2012"},"content":{"rendered":"<h3>Abschlusshock 11. November 2012<\/h3>\n<p>Der Abschlusshock der aktiven Vogelsch\u00fctzer fand traditionsgem\u00e4ss im Waldhaus Othmarsingen statt.<\/p>\n<div class=\"flagallery amron_skin\" id=\"FlaGallery_sc1_8\" ><script type=\"application\/json\" class=\"FlaGallery_sc1_8\">{\"settings\":{\"collectionThumbColumns\":\"3\",\"collectionThumbRecomendedWidth\":\"260\",\"collectionPreloaderColor\":\"#333333\",\"linkTargetWindow\":\"_blank\",\"thumbSpacing\":\"10\",\"tagsFilter\":\"1\",\"tagCloudSort\":\"1\",\"tagCloudAll\":\"All\",\"tagCloudAllTagPresented\":\"1\",\"tagCloudStartIndex\":\"0\",\"tagCloudTextColor\":\"#000000\",\"tagCloudBgColor\":\"#eeeeee\",\"collectionThumbHoverColor\":\"rgba(0, 0, 0, .7)\",\"collectionThumbContentBGColor\":\"rgba(245,245,245,1)\",\"collectionThumbTitleShow\":\"1\",\"collectionThumbTitleColor\":\"rgba(0,0,0,1)\",\"collectionThumbFontSize\":\"18\",\"collectionThumbDescriptionShow\":\"1\",\"collectionThumbDescriptionColor\":\"rgba(0,0,0,1)\",\"collectionThumbDescriptionFontSize\":\"15\",\"collectionReadMoreButtonLabel\":\"Read More\",\"collectionReadMoreButtonLabelColor\":\"rgba(255, 255, 255, 1)\",\"collectionReadMoreButtonBGColor\":\"rgba(0, 0, 0, 1)\",\"collectionReadMoreButtonLabelColorHover\":\"rgba(0, 0, 0, 1)\",\"collectionReadMoreButtonBGColorHover\":\"rgba(235,235,235,1)\",\"modaBgColor\":\"rgba(0,0,0,0.9)\",\"modalInfoBoxBgColor\":\"rgba(255,255,255,1)\",\"modalInfoBoxTitleTextColor\":\"rgba(0,0,0,1)\",\"modalInfoBoxTextColor\":\"rgba(70,70,70,1)\",\"infoBarExifEnable\":\"1\",\"infoBarCountersEnable\":\"1\",\"infoBarDateInfoEnable\":\"1\",\"lightBoxEnable\":\"1\",\"copyR_Protection\":\"1\",\"copyR_Alert\":\"Hello, this photo is mine!\",\"sliderScrollNavi\":\"0\",\"sliderNextPrevAnimation\":\"animation\",\"sliderPreloaderColor\":\"#ffffff\",\"sliderBgColor\":\"rgba(0,0,0,0.8)\",\"sliderHeaderFooterBgColor\":\"#000000\",\"sliderNavigationColor\":\"rgba(0,0,0,1)\",\"sliderNavigationIconColor\":\"rgba(255,255,255,1)\",\"sliderNavigationColorOver\":\"rgba(255,255,255,1)\",\"sliderNavigationIconColorOver\":\"rgba(0,0,0,1)\",\"sliderItemTitleEnable\":\"1\",\"sliderItemTitleFontSize\":\"24\",\"sliderItemTitleTextColor\":\"#ffffff\",\"sliderThumbBarEnable\":\"1\",\"sliderThumbBarHoverColor\":\"#ffffff\",\"sliderThumbSubMenuBackgroundColor\":\"rgba(0,0,0,1)\",\"sliderThumbSubMenuBackgroundColorOver\":\"rgba(255,255,255,1)\",\"sliderThumbSubMenuIconColor\":\"rgba(255,255,255,1)\",\"sliderThumbSubMenuIconHoverColor\":\"rgba(0,0,0,1)\",\"sliderPlayButton\":\"1\",\"slideshowDelay\":\"8\",\"slideshowProgressBarColor\":\"rgba(255,255,255,1)\",\"slideshowProgressBarBGColor\":\"rgba(255,255,255,0.6)\",\"sliderInfoEnable\":\"1\",\"sliderZoomButton\":\"1\",\"sliderItemDownload\":\"1\",\"sliderSocialShareEnabled\":\"1\",\"sliderLikesEnabled\":\"1\",\"sliderFullScreen\":\"1\",\"customCSS\":\"\",\"key\":\"\",\"name\":\"\",\"galleryID\":\"sc1_8\",\"post_url\":\"https:\\\/\\\/www.nvothmarsingen.ch?rest_route=%2Fwp%2Fv2%2Fpages%2F122\",\"module_url\":\"https:\\\/\\\/www.nvothmarsingen.ch\\\/wp-content\\\/plugins\\\/flagallery-skins\\\/amron\\\/\"}, \"data\":[{\"gallery\":{\"gid\":\"8\",\"name\":\"abschlusshock-11-november-2012\",\"path\":\"https:\\\/\\\/www.nvothmarsingen.ch\\\/wp-content\\\/flagallery\\\/abschlusshock-11-november-2012\",\"title\":\"Abschlusshock 11.November 2012\",\"galdesc\":\"Der gem\\u00fctliche Abschlusshock der aktiven Vogelsch\\u00fctzer des NVO. \"},\"data\":[]}]}<\/script><\/div><noscript id=\"noscript_FlaGallery_sc1_8\"><\/noscript>\n<h3><\/h3>\n<h3>Abendbummel mit den Nachbarsektionen NV Dottikon und Hendschiken 10.08.2012<\/h3>\n<p>Der gem\u00fctliche Anlass mit unseren Kollegen aus den Nachbard\u00f6rfern war ein voller Erfolg &#8211; perfektes Wetter, nette Leute, gem\u00fctliches Beisammensein.<\/p>\n<div class=\"flagallery amron_skin\" id=\"FlaGallery_sc2_7\" ><script type=\"application\/json\" class=\"FlaGallery_sc2_7\">{\"settings\":{\"collectionThumbColumns\":\"3\",\"collectionThumbRecomendedWidth\":\"260\",\"collectionPreloaderColor\":\"#333333\",\"linkTargetWindow\":\"_blank\",\"thumbSpacing\":\"10\",\"tagsFilter\":\"1\",\"tagCloudSort\":\"1\",\"tagCloudAll\":\"All\",\"tagCloudAllTagPresented\":\"1\",\"tagCloudStartIndex\":\"0\",\"tagCloudTextColor\":\"#000000\",\"tagCloudBgColor\":\"#eeeeee\",\"collectionThumbHoverColor\":\"rgba(0, 0, 0, .7)\",\"collectionThumbContentBGColor\":\"rgba(245,245,245,1)\",\"collectionThumbTitleShow\":\"1\",\"collectionThumbTitleColor\":\"rgba(0,0,0,1)\",\"collectionThumbFontSize\":\"18\",\"collectionThumbDescriptionShow\":\"1\",\"collectionThumbDescriptionColor\":\"rgba(0,0,0,1)\",\"collectionThumbDescriptionFontSize\":\"15\",\"collectionReadMoreButtonLabel\":\"Read More\",\"collectionReadMoreButtonLabelColor\":\"rgba(255, 255, 255, 1)\",\"collectionReadMoreButtonBGColor\":\"rgba(0, 0, 0, 1)\",\"collectionReadMoreButtonLabelColorHover\":\"rgba(0, 0, 0, 1)\",\"collectionReadMoreButtonBGColorHover\":\"rgba(235,235,235,1)\",\"modaBgColor\":\"rgba(0,0,0,0.9)\",\"modalInfoBoxBgColor\":\"rgba(255,255,255,1)\",\"modalInfoBoxTitleTextColor\":\"rgba(0,0,0,1)\",\"modalInfoBoxTextColor\":\"rgba(70,70,70,1)\",\"infoBarExifEnable\":\"1\",\"infoBarCountersEnable\":\"1\",\"infoBarDateInfoEnable\":\"1\",\"lightBoxEnable\":\"1\",\"copyR_Protection\":\"1\",\"copyR_Alert\":\"Hello, this photo is mine!\",\"sliderScrollNavi\":\"0\",\"sliderNextPrevAnimation\":\"animation\",\"sliderPreloaderColor\":\"#ffffff\",\"sliderBgColor\":\"rgba(0,0,0,0.8)\",\"sliderHeaderFooterBgColor\":\"#000000\",\"sliderNavigationColor\":\"rgba(0,0,0,1)\",\"sliderNavigationIconColor\":\"rgba(255,255,255,1)\",\"sliderNavigationColorOver\":\"rgba(255,255,255,1)\",\"sliderNavigationIconColorOver\":\"rgba(0,0,0,1)\",\"sliderItemTitleEnable\":\"1\",\"sliderItemTitleFontSize\":\"24\",\"sliderItemTitleTextColor\":\"#ffffff\",\"sliderThumbBarEnable\":\"1\",\"sliderThumbBarHoverColor\":\"#ffffff\",\"sliderThumbSubMenuBackgroundColor\":\"rgba(0,0,0,1)\",\"sliderThumbSubMenuBackgroundColorOver\":\"rgba(255,255,255,1)\",\"sliderThumbSubMenuIconColor\":\"rgba(255,255,255,1)\",\"sliderThumbSubMenuIconHoverColor\":\"rgba(0,0,0,1)\",\"sliderPlayButton\":\"1\",\"slideshowDelay\":\"8\",\"slideshowProgressBarColor\":\"rgba(255,255,255,1)\",\"slideshowProgressBarBGColor\":\"rgba(255,255,255,0.6)\",\"sliderInfoEnable\":\"1\",\"sliderZoomButton\":\"1\",\"sliderItemDownload\":\"1\",\"sliderSocialShareEnabled\":\"1\",\"sliderLikesEnabled\":\"1\",\"sliderFullScreen\":\"1\",\"customCSS\":\"\",\"key\":\"\",\"name\":\"\",\"galleryID\":\"sc2_7\",\"post_url\":\"https:\\\/\\\/www.nvothmarsingen.ch?rest_route=%2Fwp%2Fv2%2Fpages%2F122\",\"module_url\":\"https:\\\/\\\/www.nvothmarsingen.ch\\\/wp-content\\\/plugins\\\/flagallery-skins\\\/amron\\\/\"}, \"data\":[{\"gallery\":{\"gid\":\"7\",\"name\":\"abendbummel-mit-nv-dottikonhendschiken\",\"path\":\"https:\\\/\\\/www.nvothmarsingen.ch\\\/wp-content\\\/flagallery\\\/abendbummel-mit-nv-dottikonhendschiken\",\"title\":\"Abendbummel mit NV Dottikon\\\/Hendschiken 10.08.2012\",\"galdesc\":\"Der Abendbummel mit unserer Kolleginnen und Kollegen aus Dottikon und Hendschiken war ein voller Erfolg - Wetter, Leute, Stimmung: pr\\u00e4chtig!\"},\"data\":[]}]}<\/script><\/div><noscript id=\"noscript_FlaGallery_sc2_7\"><\/noscript>\n<h3><\/h3>\n<h3>Abendspaziergang 13.07.2012<\/h3>\n<p>Trotz str\u00f6mendem Regen (Petrus ist dieses Jahr nicht Mitglied des NVO) spazierten ein paar wetterfeste Mitglieder des NVO zum Br\u00e4teln in die Naturfreundeh\u00fctte. Spass gemacht hat es trotzdem!<\/p>\n<div class=\"flagallery amron_skin\" id=\"FlaGallery_sc3_5\" ><script type=\"application\/json\" class=\"FlaGallery_sc3_5\">{\"settings\":{\"collectionThumbColumns\":\"3\",\"collectionThumbRecomendedWidth\":\"260\",\"collectionPreloaderColor\":\"#333333\",\"linkTargetWindow\":\"_blank\",\"thumbSpacing\":\"10\",\"tagsFilter\":\"1\",\"tagCloudSort\":\"1\",\"tagCloudAll\":\"All\",\"tagCloudAllTagPresented\":\"1\",\"tagCloudStartIndex\":\"0\",\"tagCloudTextColor\":\"#000000\",\"tagCloudBgColor\":\"#eeeeee\",\"collectionThumbHoverColor\":\"rgba(0, 0, 0, .7)\",\"collectionThumbContentBGColor\":\"rgba(245,245,245,1)\",\"collectionThumbTitleShow\":\"1\",\"collectionThumbTitleColor\":\"rgba(0,0,0,1)\",\"collectionThumbFontSize\":\"18\",\"collectionThumbDescriptionShow\":\"1\",\"collectionThumbDescriptionColor\":\"rgba(0,0,0,1)\",\"collectionThumbDescriptionFontSize\":\"15\",\"collectionReadMoreButtonLabel\":\"Read More\",\"collectionReadMoreButtonLabelColor\":\"rgba(255, 255, 255, 1)\",\"collectionReadMoreButtonBGColor\":\"rgba(0, 0, 0, 1)\",\"collectionReadMoreButtonLabelColorHover\":\"rgba(0, 0, 0, 1)\",\"collectionReadMoreButtonBGColorHover\":\"rgba(235,235,235,1)\",\"modaBgColor\":\"rgba(0,0,0,0.9)\",\"modalInfoBoxBgColor\":\"rgba(255,255,255,1)\",\"modalInfoBoxTitleTextColor\":\"rgba(0,0,0,1)\",\"modalInfoBoxTextColor\":\"rgba(70,70,70,1)\",\"infoBarExifEnable\":\"1\",\"infoBarCountersEnable\":\"1\",\"infoBarDateInfoEnable\":\"1\",\"lightBoxEnable\":\"1\",\"copyR_Protection\":\"1\",\"copyR_Alert\":\"Hello, this photo is mine!\",\"sliderScrollNavi\":\"0\",\"sliderNextPrevAnimation\":\"animation\",\"sliderPreloaderColor\":\"#ffffff\",\"sliderBgColor\":\"rgba(0,0,0,0.8)\",\"sliderHeaderFooterBgColor\":\"#000000\",\"sliderNavigationColor\":\"rgba(0,0,0,1)\",\"sliderNavigationIconColor\":\"rgba(255,255,255,1)\",\"sliderNavigationColorOver\":\"rgba(255,255,255,1)\",\"sliderNavigationIconColorOver\":\"rgba(0,0,0,1)\",\"sliderItemTitleEnable\":\"1\",\"sliderItemTitleFontSize\":\"24\",\"sliderItemTitleTextColor\":\"#ffffff\",\"sliderThumbBarEnable\":\"1\",\"sliderThumbBarHoverColor\":\"#ffffff\",\"sliderThumbSubMenuBackgroundColor\":\"rgba(0,0,0,1)\",\"sliderThumbSubMenuBackgroundColorOver\":\"rgba(255,255,255,1)\",\"sliderThumbSubMenuIconColor\":\"rgba(255,255,255,1)\",\"sliderThumbSubMenuIconHoverColor\":\"rgba(0,0,0,1)\",\"sliderPlayButton\":\"1\",\"slideshowDelay\":\"8\",\"slideshowProgressBarColor\":\"rgba(255,255,255,1)\",\"slideshowProgressBarBGColor\":\"rgba(255,255,255,0.6)\",\"sliderInfoEnable\":\"1\",\"sliderZoomButton\":\"1\",\"sliderItemDownload\":\"1\",\"sliderSocialShareEnabled\":\"1\",\"sliderLikesEnabled\":\"1\",\"sliderFullScreen\":\"1\",\"customCSS\":\"\",\"key\":\"\",\"name\":\"\",\"galleryID\":\"sc3_5\",\"post_url\":\"https:\\\/\\\/www.nvothmarsingen.ch?rest_route=%2Fwp%2Fv2%2Fpages%2F122\",\"module_url\":\"https:\\\/\\\/www.nvothmarsingen.ch\\\/wp-content\\\/plugins\\\/flagallery-skins\\\/amron\\\/\"}, \"data\":[{\"gallery\":{\"gid\":\"5\",\"name\":\"abendspaziergang-13-07-2012\",\"path\":\"https:\\\/\\\/www.nvothmarsingen.ch\\\/wp-content\\\/flagallery\\\/abendspaziergang-13-07-2012\",\"title\":\"Abendspaziergang 13.07.2012\",\"galdesc\":\"Trotz str\\u00f6mendem Regen (Petrus ist dieses Jahr kein Freund des NVO!) spazierten ein paar wetterfeste NVO-Mitglieder zur Naturfreundeh\\u00fctte. Spass hat's gemacht! \"},\"data\":[]}]}<\/script><\/div><noscript id=\"noscript_FlaGallery_sc3_5\"><\/noscript>\n<h3><\/h3>\n<h3>Gruppe Grundkurs Ornithologie Juni 2012<\/h3>\n<p>Die Gruppe, entstanden aus einem Grundkurs Ornithologie, trifft sich regelm\u00e4ssig zu gemeinsamen Exkursionen.<\/p>\n<div class=\"flagallery amron_skin\" id=\"FlaGallery_sc4_6\" ><script type=\"application\/json\" class=\"FlaGallery_sc4_6\">{\"settings\":{\"collectionThumbColumns\":\"3\",\"collectionThumbRecomendedWidth\":\"260\",\"collectionPreloaderColor\":\"#333333\",\"linkTargetWindow\":\"_blank\",\"thumbSpacing\":\"10\",\"tagsFilter\":\"1\",\"tagCloudSort\":\"1\",\"tagCloudAll\":\"All\",\"tagCloudAllTagPresented\":\"1\",\"tagCloudStartIndex\":\"0\",\"tagCloudTextColor\":\"#000000\",\"tagCloudBgColor\":\"#eeeeee\",\"collectionThumbHoverColor\":\"rgba(0, 0, 0, .7)\",\"collectionThumbContentBGColor\":\"rgba(245,245,245,1)\",\"collectionThumbTitleShow\":\"1\",\"collectionThumbTitleColor\":\"rgba(0,0,0,1)\",\"collectionThumbFontSize\":\"18\",\"collectionThumbDescriptionShow\":\"1\",\"collectionThumbDescriptionColor\":\"rgba(0,0,0,1)\",\"collectionThumbDescriptionFontSize\":\"15\",\"collectionReadMoreButtonLabel\":\"Read More\",\"collectionReadMoreButtonLabelColor\":\"rgba(255, 255, 255, 1)\",\"collectionReadMoreButtonBGColor\":\"rgba(0, 0, 0, 1)\",\"collectionReadMoreButtonLabelColorHover\":\"rgba(0, 0, 0, 1)\",\"collectionReadMoreButtonBGColorHover\":\"rgba(235,235,235,1)\",\"modaBgColor\":\"rgba(0,0,0,0.9)\",\"modalInfoBoxBgColor\":\"rgba(255,255,255,1)\",\"modalInfoBoxTitleTextColor\":\"rgba(0,0,0,1)\",\"modalInfoBoxTextColor\":\"rgba(70,70,70,1)\",\"infoBarExifEnable\":\"1\",\"infoBarCountersEnable\":\"1\",\"infoBarDateInfoEnable\":\"1\",\"lightBoxEnable\":\"1\",\"copyR_Protection\":\"1\",\"copyR_Alert\":\"Hello, this photo is mine!\",\"sliderScrollNavi\":\"0\",\"sliderNextPrevAnimation\":\"animation\",\"sliderPreloaderColor\":\"#ffffff\",\"sliderBgColor\":\"rgba(0,0,0,0.8)\",\"sliderHeaderFooterBgColor\":\"#000000\",\"sliderNavigationColor\":\"rgba(0,0,0,1)\",\"sliderNavigationIconColor\":\"rgba(255,255,255,1)\",\"sliderNavigationColorOver\":\"rgba(255,255,255,1)\",\"sliderNavigationIconColorOver\":\"rgba(0,0,0,1)\",\"sliderItemTitleEnable\":\"1\",\"sliderItemTitleFontSize\":\"24\",\"sliderItemTitleTextColor\":\"#ffffff\",\"sliderThumbBarEnable\":\"1\",\"sliderThumbBarHoverColor\":\"#ffffff\",\"sliderThumbSubMenuBackgroundColor\":\"rgba(0,0,0,1)\",\"sliderThumbSubMenuBackgroundColorOver\":\"rgba(255,255,255,1)\",\"sliderThumbSubMenuIconColor\":\"rgba(255,255,255,1)\",\"sliderThumbSubMenuIconHoverColor\":\"rgba(0,0,0,1)\",\"sliderPlayButton\":\"1\",\"slideshowDelay\":\"8\",\"slideshowProgressBarColor\":\"rgba(255,255,255,1)\",\"slideshowProgressBarBGColor\":\"rgba(255,255,255,0.6)\",\"sliderInfoEnable\":\"1\",\"sliderZoomButton\":\"1\",\"sliderItemDownload\":\"1\",\"sliderSocialShareEnabled\":\"1\",\"sliderLikesEnabled\":\"1\",\"sliderFullScreen\":\"1\",\"customCSS\":\"\",\"key\":\"\",\"name\":\"\",\"galleryID\":\"sc4_6\",\"post_url\":\"https:\\\/\\\/www.nvothmarsingen.ch?rest_route=%2Fwp%2Fv2%2Fpages%2F122\",\"module_url\":\"https:\\\/\\\/www.nvothmarsingen.ch\\\/wp-content\\\/plugins\\\/flagallery-skins\\\/amron\\\/\"}, \"data\":[{\"gallery\":{\"gid\":\"6\",\"name\":\"gruppe-grundkurs-ornithologie\",\"path\":\"https:\\\/\\\/www.nvothmarsingen.ch\\\/wp-content\\\/flagallery\\\/gruppe-grundkurs-ornithologie\",\"title\":\"Gruppe Grundkurs Ornithologie\",\"galdesc\":\"\"},\"data\":[]}]}<\/script><\/div><noscript id=\"noscript_FlaGallery_sc4_6\"><\/noscript>\n<h3><\/h3>\n<h3>Abendexkursion Aare Auenstein 22.06.2012<\/h3>\n<p>Die Aareexkursion bei Auenstein war ein Erfolg! Bei angenehmem Wetter genossen nicht weniger als 23 Interessierte den Abendspaziergang entlang der renaturierten Aare.<\/p>\n<div class=\"flagallery amron_skin\" id=\"FlaGallery_sc5_4\" ><script type=\"application\/json\" class=\"FlaGallery_sc5_4\">{\"settings\":{\"collectionThumbColumns\":\"3\",\"collectionThumbRecomendedWidth\":\"260\",\"collectionPreloaderColor\":\"#333333\",\"linkTargetWindow\":\"_blank\",\"thumbSpacing\":\"10\",\"tagsFilter\":\"1\",\"tagCloudSort\":\"1\",\"tagCloudAll\":\"All\",\"tagCloudAllTagPresented\":\"1\",\"tagCloudStartIndex\":\"0\",\"tagCloudTextColor\":\"#000000\",\"tagCloudBgColor\":\"#eeeeee\",\"collectionThumbHoverColor\":\"rgba(0, 0, 0, .7)\",\"collectionThumbContentBGColor\":\"rgba(245,245,245,1)\",\"collectionThumbTitleShow\":\"1\",\"collectionThumbTitleColor\":\"rgba(0,0,0,1)\",\"collectionThumbFontSize\":\"18\",\"collectionThumbDescriptionShow\":\"1\",\"collectionThumbDescriptionColor\":\"rgba(0,0,0,1)\",\"collectionThumbDescriptionFontSize\":\"15\",\"collectionReadMoreButtonLabel\":\"Read More\",\"collectionReadMoreButtonLabelColor\":\"rgba(255, 255, 255, 1)\",\"collectionReadMoreButtonBGColor\":\"rgba(0, 0, 0, 1)\",\"collectionReadMoreButtonLabelColorHover\":\"rgba(0, 0, 0, 1)\",\"collectionReadMoreButtonBGColorHover\":\"rgba(235,235,235,1)\",\"modaBgColor\":\"rgba(0,0,0,0.9)\",\"modalInfoBoxBgColor\":\"rgba(255,255,255,1)\",\"modalInfoBoxTitleTextColor\":\"rgba(0,0,0,1)\",\"modalInfoBoxTextColor\":\"rgba(70,70,70,1)\",\"infoBarExifEnable\":\"1\",\"infoBarCountersEnable\":\"1\",\"infoBarDateInfoEnable\":\"1\",\"lightBoxEnable\":\"1\",\"copyR_Protection\":\"1\",\"copyR_Alert\":\"Hello, this photo is mine!\",\"sliderScrollNavi\":\"0\",\"sliderNextPrevAnimation\":\"animation\",\"sliderPreloaderColor\":\"#ffffff\",\"sliderBgColor\":\"rgba(0,0,0,0.8)\",\"sliderHeaderFooterBgColor\":\"#000000\",\"sliderNavigationColor\":\"rgba(0,0,0,1)\",\"sliderNavigationIconColor\":\"rgba(255,255,255,1)\",\"sliderNavigationColorOver\":\"rgba(255,255,255,1)\",\"sliderNavigationIconColorOver\":\"rgba(0,0,0,1)\",\"sliderItemTitleEnable\":\"1\",\"sliderItemTitleFontSize\":\"24\",\"sliderItemTitleTextColor\":\"#ffffff\",\"sliderThumbBarEnable\":\"1\",\"sliderThumbBarHoverColor\":\"#ffffff\",\"sliderThumbSubMenuBackgroundColor\":\"rgba(0,0,0,1)\",\"sliderThumbSubMenuBackgroundColorOver\":\"rgba(255,255,255,1)\",\"sliderThumbSubMenuIconColor\":\"rgba(255,255,255,1)\",\"sliderThumbSubMenuIconHoverColor\":\"rgba(0,0,0,1)\",\"sliderPlayButton\":\"1\",\"slideshowDelay\":\"8\",\"slideshowProgressBarColor\":\"rgba(255,255,255,1)\",\"slideshowProgressBarBGColor\":\"rgba(255,255,255,0.6)\",\"sliderInfoEnable\":\"1\",\"sliderZoomButton\":\"1\",\"sliderItemDownload\":\"1\",\"sliderSocialShareEnabled\":\"1\",\"sliderLikesEnabled\":\"1\",\"sliderFullScreen\":\"1\",\"customCSS\":\"\",\"key\":\"\",\"name\":\"\",\"galleryID\":\"sc5_4\",\"post_url\":\"https:\\\/\\\/www.nvothmarsingen.ch?rest_route=%2Fwp%2Fv2%2Fpages%2F122\",\"module_url\":\"https:\\\/\\\/www.nvothmarsingen.ch\\\/wp-content\\\/plugins\\\/flagallery-skins\\\/amron\\\/\"}, \"data\":[{\"gallery\":{\"gid\":\"4\",\"name\":\"aareexkursion-auenstein\",\"path\":\"https:\\\/\\\/www.nvothmarsingen.ch\\\/wp-content\\\/flagallery\\\/aareexkursion-auenstein\",\"title\":\"Aareexkursion Auenstein \",\"galdesc\":\"Die Aareexkursion bei Auenstein war ein Erfolg! Bei angenehmem Wetter genossen nicht weniger als 23 Interessierte den Abendspaziergang entlang der renaturierten Aare.\"},\"data\":[{\"pid\":\"19\",\"filename\":\"p1010026.jpg\",\"description\":\"\",\"alttext\":\"OLYMPUS DIGITAL CAMERA\",\"link\":null,\"imagedate\":\"1970-01-01 00:00:00\",\"hitcounter\":\"257\",\"total_value\":\"0\",\"total_votes\":\"0\",\"meta_data\":{\"aperture\":\"F 3.1\",\"credit\":false,\"camera\":\"u40D,S500,uD500 \",\"caption\":false,\"created_timestamp\":\"23. Juni 2012 15:10\",\"copyright\":false,\"focal_length\":\"5.8mm\",\"iso\":64,\"shutter_speed\":\"1\\\/500sec\",\"flash\":\"Not fired\",\"title\":\"OLYMPUS DIGITAL CAMERA \",\"keywords\":false,\"width\":1920,\"height\":2560,\"saved\":true,\"thumbnail\":{\"width\":300,\"height\":400},\"webview\":{\"0\":1500,\"1\":2000,\"2\":2,\"3\":\"width=\\\"1500\\\" height=\\\"2000\\\"\",\"bits\":8,\"channels\":3,\"mime\":\"image\\\/jpeg\"}}},{\"pid\":\"20\",\"filename\":\"p1010028.jpg\",\"description\":\"\",\"alttext\":\"OLYMPUS DIGITAL CAMERA\",\"link\":null,\"imagedate\":\"1970-01-01 00:00:00\",\"hitcounter\":\"54\",\"total_value\":\"0\",\"total_votes\":\"0\",\"meta_data\":{\"aperture\":\"F 3.8\",\"credit\":false,\"camera\":\"u40D,S500,uD500 \",\"caption\":false,\"created_timestamp\":\"23. Juni 2012 15:10\",\"copyright\":false,\"focal_length\":\"9.55mm\",\"iso\":64,\"shutter_speed\":\"1\\\/250sec\",\"flash\":\"Fired\",\"title\":\"OLYMPUS DIGITAL CAMERA \",\"keywords\":false,\"width\":1920,\"height\":2560,\"saved\":true,\"thumbnail\":{\"width\":300,\"height\":400},\"webview\":{\"0\":1500,\"1\":2000,\"2\":2,\"3\":\"width=\\\"1500\\\" height=\\\"2000\\\"\",\"bits\":8,\"channels\":3,\"mime\":\"image\\\/jpeg\"}}},{\"pid\":\"21\",\"filename\":\"p1010029.jpg\",\"description\":\"\",\"alttext\":\"OLYMPUS DIGITAL CAMERA\",\"link\":null,\"imagedate\":\"1970-01-01 00:00:00\",\"hitcounter\":\"51\",\"total_value\":\"0\",\"total_votes\":\"0\",\"meta_data\":{\"aperture\":\"F 3.1\",\"credit\":false,\"camera\":\"u40D,S500,uD500 \",\"caption\":false,\"created_timestamp\":\"23. Juni 2012 15:10\",\"copyright\":false,\"focal_length\":\"5.8mm\",\"iso\":64,\"shutter_speed\":\"1\\\/160sec\",\"flash\":\"Fired\",\"title\":\"OLYMPUS DIGITAL CAMERA \",\"keywords\":false,\"width\":1920,\"height\":2560,\"saved\":true,\"thumbnail\":{\"width\":300,\"height\":400},\"webview\":{\"0\":1500,\"1\":2000,\"2\":2,\"3\":\"width=\\\"1500\\\" height=\\\"2000\\\"\",\"bits\":8,\"channels\":3,\"mime\":\"image\\\/jpeg\"}}},{\"pid\":\"22\",\"filename\":\"p1010030.jpg\",\"description\":\"\",\"alttext\":\"OLYMPUS DIGITAL CAMERA\",\"link\":null,\"imagedate\":\"1970-01-01 00:00:00\",\"hitcounter\":\"49\",\"total_value\":\"0\",\"total_votes\":\"0\",\"meta_data\":{\"aperture\":\"F 3.1\",\"credit\":false,\"camera\":\"u40D,S500,uD500 \",\"caption\":false,\"created_timestamp\":\"23. Juni 2012 15:10\",\"copyright\":false,\"focal_length\":\"5.8mm\",\"iso\":64,\"shutter_speed\":\"1\\\/250sec\",\"flash\":\"Not fired\",\"title\":\"OLYMPUS DIGITAL CAMERA \",\"keywords\":false,\"width\":2560,\"height\":1920,\"saved\":true,\"thumbnail\":{\"width\":400,\"height\":300},\"webview\":{\"0\":2000,\"1\":1500,\"2\":2,\"3\":\"width=\\\"2000\\\" height=\\\"1500\\\"\",\"bits\":8,\"channels\":3,\"mime\":\"image\\\/jpeg\"}}},{\"pid\":\"23\",\"filename\":\"p1010031.jpg\",\"description\":\"\",\"alttext\":\"OLYMPUS DIGITAL CAMERA\",\"link\":null,\"imagedate\":\"1970-01-01 00:00:00\",\"hitcounter\":\"43\",\"total_value\":\"0\",\"total_votes\":\"0\",\"meta_data\":{\"aperture\":\"F 4.8\",\"credit\":false,\"camera\":\"u40D,S500,uD500 \",\"caption\":false,\"created_timestamp\":\"23. Juni 2012 15:10\",\"copyright\":false,\"focal_length\":\"14.75mm\",\"iso\":64,\"shutter_speed\":\"1\\\/130sec\",\"flash\":\"Not fired\",\"title\":\"OLYMPUS DIGITAL CAMERA \",\"keywords\":false,\"width\":2560,\"height\":1920,\"saved\":true,\"thumbnail\":{\"width\":400,\"height\":300},\"webview\":{\"0\":2000,\"1\":1500,\"2\":2,\"3\":\"width=\\\"2000\\\" height=\\\"1500\\\"\",\"bits\":8,\"channels\":3,\"mime\":\"image\\\/jpeg\"}}},{\"pid\":\"24\",\"filename\":\"p1010032.jpg\",\"description\":\"\",\"alttext\":\"OLYMPUS DIGITAL CAMERA\",\"link\":null,\"imagedate\":\"1970-01-01 00:00:00\",\"hitcounter\":\"38\",\"total_value\":\"0\",\"total_votes\":\"0\",\"meta_data\":{\"aperture\":\"F 4.8\",\"credit\":false,\"camera\":\"u40D,S500,uD500 \",\"caption\":false,\"created_timestamp\":\"23. Juni 2012 15:10\",\"copyright\":false,\"focal_length\":\"14.75mm\",\"iso\":64,\"shutter_speed\":\"1\\\/160sec\",\"flash\":\"Not fired\",\"title\":\"OLYMPUS DIGITAL CAMERA \",\"keywords\":false,\"width\":2560,\"height\":1920,\"saved\":true,\"thumbnail\":{\"width\":400,\"height\":300},\"webview\":{\"0\":2000,\"1\":1500,\"2\":2,\"3\":\"width=\\\"2000\\\" height=\\\"1500\\\"\",\"bits\":8,\"channels\":3,\"mime\":\"image\\\/jpeg\"}}},{\"pid\":\"25\",\"filename\":\"p1010033.jpg\",\"description\":\"\",\"alttext\":\"OLYMPUS DIGITAL CAMERA\",\"link\":null,\"imagedate\":\"1970-01-01 00:00:00\",\"hitcounter\":\"36\",\"total_value\":\"0\",\"total_votes\":\"0\",\"meta_data\":{\"aperture\":\"F 3.1\",\"credit\":false,\"camera\":\"u40D,S500,uD500 \",\"caption\":false,\"created_timestamp\":\"23. Juni 2012 15:10\",\"copyright\":false,\"focal_length\":\"5.8mm\",\"iso\":64,\"shutter_speed\":\"1\\\/400sec\",\"flash\":\"Not fired\",\"title\":\"OLYMPUS DIGITAL CAMERA \",\"keywords\":false,\"width\":1920,\"height\":2560,\"saved\":true,\"thumbnail\":{\"width\":300,\"height\":400},\"webview\":{\"0\":1500,\"1\":2000,\"2\":2,\"3\":\"width=\\\"1500\\\" height=\\\"2000\\\"\",\"bits\":8,\"channels\":3,\"mime\":\"image\\\/jpeg\"}}},{\"pid\":\"26\",\"filename\":\"p1010034.jpg\",\"description\":\"\",\"alttext\":\"OLYMPUS DIGITAL CAMERA\",\"link\":null,\"imagedate\":\"1970-01-01 00:00:00\",\"hitcounter\":\"33\",\"total_value\":\"0\",\"total_votes\":\"0\",\"meta_data\":{\"aperture\":\"F 3.1\",\"credit\":false,\"camera\":\"u40D,S500,uD500 \",\"caption\":false,\"created_timestamp\":\"23. Juni 2012 15:10\",\"copyright\":false,\"focal_length\":\"5.8mm\",\"iso\":64,\"shutter_speed\":\"1\\\/160sec\",\"flash\":\"Not fired\",\"title\":\"OLYMPUS DIGITAL CAMERA \",\"keywords\":false,\"width\":2560,\"height\":1920,\"saved\":true,\"thumbnail\":{\"width\":400,\"height\":300},\"webview\":{\"0\":2000,\"1\":1500,\"2\":2,\"3\":\"width=\\\"2000\\\" height=\\\"1500\\\"\",\"bits\":8,\"channels\":3,\"mime\":\"image\\\/jpeg\"}}},{\"pid\":\"27\",\"filename\":\"p1010035.jpg\",\"description\":\"\",\"alttext\":\"OLYMPUS DIGITAL CAMERA\",\"link\":null,\"imagedate\":\"1970-01-01 00:00:00\",\"hitcounter\":\"33\",\"total_value\":\"0\",\"total_votes\":\"0\",\"meta_data\":{\"aperture\":\"F 3.1\",\"credit\":false,\"camera\":\"u40D,S500,uD500 \",\"caption\":false,\"created_timestamp\":\"23. Juni 2012 15:10\",\"copyright\":false,\"focal_length\":\"5.8mm\",\"iso\":64,\"shutter_speed\":\"1\\\/200sec\",\"flash\":\"Not fired\",\"title\":\"OLYMPUS DIGITAL CAMERA \",\"keywords\":false,\"width\":2560,\"height\":1920,\"saved\":true,\"thumbnail\":{\"width\":400,\"height\":300},\"webview\":{\"0\":2000,\"1\":1500,\"2\":2,\"3\":\"width=\\\"2000\\\" height=\\\"1500\\\"\",\"bits\":8,\"channels\":3,\"mime\":\"image\\\/jpeg\"}}},{\"pid\":\"28\",\"filename\":\"p1010036.jpg\",\"description\":\"\",\"alttext\":\"OLYMPUS DIGITAL CAMERA\",\"link\":null,\"imagedate\":\"1970-01-01 00:00:00\",\"hitcounter\":\"35\",\"total_value\":\"0\",\"total_votes\":\"0\",\"meta_data\":{\"aperture\":\"F 3.1\",\"credit\":false,\"camera\":\"u40D,S500,uD500 \",\"caption\":false,\"created_timestamp\":\"23. Juni 2012 15:10\",\"copyright\":false,\"focal_length\":\"5.8mm\",\"iso\":64,\"shutter_speed\":\"1\\\/160sec\",\"flash\":\"Not fired\",\"title\":\"OLYMPUS DIGITAL CAMERA \",\"keywords\":false,\"width\":2560,\"height\":1920,\"saved\":true,\"thumbnail\":{\"width\":400,\"height\":300},\"webview\":{\"0\":2000,\"1\":1500,\"2\":2,\"3\":\"width=\\\"2000\\\" height=\\\"1500\\\"\",\"bits\":8,\"channels\":3,\"mime\":\"image\\\/jpeg\"}}},{\"pid\":\"29\",\"filename\":\"p1010037.jpg\",\"description\":\"\",\"alttext\":\"OLYMPUS DIGITAL CAMERA\",\"link\":null,\"imagedate\":\"1970-01-01 00:00:00\",\"hitcounter\":\"37\",\"total_value\":\"0\",\"total_votes\":\"0\",\"meta_data\":{\"aperture\":\"F 3.1\",\"credit\":false,\"camera\":\"u40D,S500,uD500 \",\"caption\":false,\"created_timestamp\":\"23. Juni 2012 15:10\",\"copyright\":false,\"focal_length\":\"5.8mm\",\"iso\":64,\"shutter_speed\":\"1\\\/200sec\",\"flash\":\"Not fired\",\"title\":\"OLYMPUS DIGITAL CAMERA \",\"keywords\":false,\"width\":2560,\"height\":1920,\"saved\":true,\"thumbnail\":{\"width\":400,\"height\":300},\"webview\":{\"0\":2000,\"1\":1500,\"2\":2,\"3\":\"width=\\\"2000\\\" height=\\\"1500\\\"\",\"bits\":8,\"channels\":3,\"mime\":\"image\\\/jpeg\"}}}]}]}<\/script><\/div><noscript id=\"noscript_FlaGallery_sc5_4\"><img class=\"skip-lazy no-lazyload noLazy\" data-lazy-src=\"\" src =\"https:\/\/www.nvothmarsingen.ch\/wp-content\/flagallery\/aareexkursion-auenstein\/p1010026.jpg\" alt=\"OLYMPUS DIGITAL CAMERA\" \/><img class=\"skip-lazy no-lazyload noLazy\" data-lazy-src=\"\" src =\"https:\/\/www.nvothmarsingen.ch\/wp-content\/flagallery\/aareexkursion-auenstein\/p1010028.jpg\" alt=\"OLYMPUS DIGITAL CAMERA\" \/><img class=\"skip-lazy no-lazyload noLazy\" data-lazy-src=\"\" src =\"https:\/\/www.nvothmarsingen.ch\/wp-content\/flagallery\/aareexkursion-auenstein\/p1010029.jpg\" alt=\"OLYMPUS DIGITAL CAMERA\" \/><img class=\"skip-lazy no-lazyload noLazy\" data-lazy-src=\"\" src =\"https:\/\/www.nvothmarsingen.ch\/wp-content\/flagallery\/aareexkursion-auenstein\/p1010030.jpg\" alt=\"OLYMPUS DIGITAL CAMERA\" \/><img class=\"skip-lazy no-lazyload noLazy\" data-lazy-src=\"\" src =\"https:\/\/www.nvothmarsingen.ch\/wp-content\/flagallery\/aareexkursion-auenstein\/p1010031.jpg\" alt=\"OLYMPUS DIGITAL CAMERA\" \/><img class=\"skip-lazy no-lazyload noLazy\" data-lazy-src=\"\" src =\"https:\/\/www.nvothmarsingen.ch\/wp-content\/flagallery\/aareexkursion-auenstein\/p1010032.jpg\" alt=\"OLYMPUS DIGITAL CAMERA\" \/><img class=\"skip-lazy no-lazyload noLazy\" data-lazy-src=\"\" src =\"https:\/\/www.nvothmarsingen.ch\/wp-content\/flagallery\/aareexkursion-auenstein\/p1010033.jpg\" alt=\"OLYMPUS DIGITAL CAMERA\" \/><img class=\"skip-lazy no-lazyload noLazy\" data-lazy-src=\"\" src =\"https:\/\/www.nvothmarsingen.ch\/wp-content\/flagallery\/aareexkursion-auenstein\/p1010034.jpg\" alt=\"OLYMPUS DIGITAL CAMERA\" \/><img class=\"skip-lazy no-lazyload noLazy\" data-lazy-src=\"\" src =\"https:\/\/www.nvothmarsingen.ch\/wp-content\/flagallery\/aareexkursion-auenstein\/p1010035.jpg\" alt=\"OLYMPUS DIGITAL CAMERA\" \/><img class=\"skip-lazy no-lazyload noLazy\" data-lazy-src=\"\" src =\"https:\/\/www.nvothmarsingen.ch\/wp-content\/flagallery\/aareexkursion-auenstein\/p1010036.jpg\" alt=\"OLYMPUS DIGITAL CAMERA\" \/><img class=\"skip-lazy no-lazyload noLazy\" data-lazy-src=\"\" src =\"https:\/\/www.nvothmarsingen.ch\/wp-content\/flagallery\/aareexkursion-auenstein\/p1010037.jpg\" alt=\"OLYMPUS DIGITAL CAMERA\" \/><\/noscript>\n<p>&nbsp;<\/p>\n<h3>Mehlschwalbenschutz 16.06.2012<\/h3>\n<p>Mehlschwalben leiden unter einem Bestandesr\u00fcckgang &#8211; der Schutz ihrer Brutpl\u00e4tze ist entsprechend wichtig. Mehlschwalbennester f\u00fchren aber zu Verschmutzungen unterhalb des Nestbereiches, was insbesondere bei Einfamilienh\u00e4user problematisch sein kann.<\/p>\n<p>Ein aufgeschlossener und verantwortungsbewusster Einfamilienhausbesitzer hat in Zusammenarbeit mit dem NVO bewiesen, dass diese Probleme gemeinsam gel\u00f6st werden k\u00f6nnen. P.S. Mehlschwalben am Haus bringen Gl\u00fcck!<\/p>\n<div class=\"flagallery amron_skin\" id=\"FlaGallery_sc6_3\" ><script type=\"application\/json\" class=\"FlaGallery_sc6_3\">{\"settings\":{\"collectionThumbColumns\":\"3\",\"collectionThumbRecomendedWidth\":\"260\",\"collectionPreloaderColor\":\"#333333\",\"linkTargetWindow\":\"_blank\",\"thumbSpacing\":\"10\",\"tagsFilter\":\"1\",\"tagCloudSort\":\"1\",\"tagCloudAll\":\"All\",\"tagCloudAllTagPresented\":\"1\",\"tagCloudStartIndex\":\"0\",\"tagCloudTextColor\":\"#000000\",\"tagCloudBgColor\":\"#eeeeee\",\"collectionThumbHoverColor\":\"rgba(0, 0, 0, .7)\",\"collectionThumbContentBGColor\":\"rgba(245,245,245,1)\",\"collectionThumbTitleShow\":\"1\",\"collectionThumbTitleColor\":\"rgba(0,0,0,1)\",\"collectionThumbFontSize\":\"18\",\"collectionThumbDescriptionShow\":\"1\",\"collectionThumbDescriptionColor\":\"rgba(0,0,0,1)\",\"collectionThumbDescriptionFontSize\":\"15\",\"collectionReadMoreButtonLabel\":\"Read More\",\"collectionReadMoreButtonLabelColor\":\"rgba(255, 255, 255, 1)\",\"collectionReadMoreButtonBGColor\":\"rgba(0, 0, 0, 1)\",\"collectionReadMoreButtonLabelColorHover\":\"rgba(0, 0, 0, 1)\",\"collectionReadMoreButtonBGColorHover\":\"rgba(235,235,235,1)\",\"modaBgColor\":\"rgba(0,0,0,0.9)\",\"modalInfoBoxBgColor\":\"rgba(255,255,255,1)\",\"modalInfoBoxTitleTextColor\":\"rgba(0,0,0,1)\",\"modalInfoBoxTextColor\":\"rgba(70,70,70,1)\",\"infoBarExifEnable\":\"1\",\"infoBarCountersEnable\":\"1\",\"infoBarDateInfoEnable\":\"1\",\"lightBoxEnable\":\"1\",\"copyR_Protection\":\"1\",\"copyR_Alert\":\"Hello, this photo is mine!\",\"sliderScrollNavi\":\"0\",\"sliderNextPrevAnimation\":\"animation\",\"sliderPreloaderColor\":\"#ffffff\",\"sliderBgColor\":\"rgba(0,0,0,0.8)\",\"sliderHeaderFooterBgColor\":\"#000000\",\"sliderNavigationColor\":\"rgba(0,0,0,1)\",\"sliderNavigationIconColor\":\"rgba(255,255,255,1)\",\"sliderNavigationColorOver\":\"rgba(255,255,255,1)\",\"sliderNavigationIconColorOver\":\"rgba(0,0,0,1)\",\"sliderItemTitleEnable\":\"1\",\"sliderItemTitleFontSize\":\"24\",\"sliderItemTitleTextColor\":\"#ffffff\",\"sliderThumbBarEnable\":\"1\",\"sliderThumbBarHoverColor\":\"#ffffff\",\"sliderThumbSubMenuBackgroundColor\":\"rgba(0,0,0,1)\",\"sliderThumbSubMenuBackgroundColorOver\":\"rgba(255,255,255,1)\",\"sliderThumbSubMenuIconColor\":\"rgba(255,255,255,1)\",\"sliderThumbSubMenuIconHoverColor\":\"rgba(0,0,0,1)\",\"sliderPlayButton\":\"1\",\"slideshowDelay\":\"8\",\"slideshowProgressBarColor\":\"rgba(255,255,255,1)\",\"slideshowProgressBarBGColor\":\"rgba(255,255,255,0.6)\",\"sliderInfoEnable\":\"1\",\"sliderZoomButton\":\"1\",\"sliderItemDownload\":\"1\",\"sliderSocialShareEnabled\":\"1\",\"sliderLikesEnabled\":\"1\",\"sliderFullScreen\":\"1\",\"customCSS\":\"\",\"key\":\"\",\"name\":\"\",\"galleryID\":\"sc6_3\",\"post_url\":\"https:\\\/\\\/www.nvothmarsingen.ch?rest_route=%2Fwp%2Fv2%2Fpages%2F122\",\"module_url\":\"https:\\\/\\\/www.nvothmarsingen.ch\\\/wp-content\\\/plugins\\\/flagallery-skins\\\/amron\\\/\"}, \"data\":[{\"gallery\":{\"gid\":\"3\",\"name\":\"verschmutzungsschutz-bei-mehlschwalbennestern\",\"path\":\"https:\\\/\\\/www.nvothmarsingen.ch\\\/wp-content\\\/flagallery\\\/verschmutzungsschutz-bei-mehlschwalbennestern\",\"title\":\"Verschmutzungsschutz bei Mehlschwalbennestern - 16. Juni 2012\",\"galdesc\":\"Mehlschwalben leiden unter einem Bestandesr\\u00fcckgang - der Schutz ihrer Brutpl\\u00e4tze ist entsprechend wichtig. Mehlschwalbennester f\\u00fchren aber zu Verschmutzungen unterhalb des Nestbereiches, was insbesonder bei Einfamilienh\\u00e4user problematisch sein kann. Ein aufgeschlossener und verantwortungsbewusster Einfamilienhausbesitzer hat in Zusammenarbeit mit dem NVO bewiesen, dass diese Probleme gemeinsam gel\\u00f6st werden k\\u00f6nnen. P.S. Schwalben am Haus bringen Gl\\u00fcck!\"},\"data\":[]}]}<\/script><\/div><noscript id=\"noscript_FlaGallery_sc6_3\"><\/noscript>\n<p>&nbsp;<\/p>\n<h3>Flurbegehung 03. Juni 2012<\/h3>\n<p>Die Teilnehmer der Flurbegehung 2012 wurden f\u00fcr den starken Regen durch interessante Informationen entsch\u00e4digt. Besten Dank an Werner Bryner!<\/p>\n<div class=\"flagallery amron_skin\" id=\"FlaGallery_sc7_1\" ><script type=\"application\/json\" class=\"FlaGallery_sc7_1\">{\"settings\":{\"collectionThumbColumns\":\"3\",\"collectionThumbRecomendedWidth\":\"260\",\"collectionPreloaderColor\":\"#333333\",\"linkTargetWindow\":\"_blank\",\"thumbSpacing\":\"10\",\"tagsFilter\":\"1\",\"tagCloudSort\":\"1\",\"tagCloudAll\":\"All\",\"tagCloudAllTagPresented\":\"1\",\"tagCloudStartIndex\":\"0\",\"tagCloudTextColor\":\"#000000\",\"tagCloudBgColor\":\"#eeeeee\",\"collectionThumbHoverColor\":\"rgba(0, 0, 0, .7)\",\"collectionThumbContentBGColor\":\"rgba(245,245,245,1)\",\"collectionThumbTitleShow\":\"1\",\"collectionThumbTitleColor\":\"rgba(0,0,0,1)\",\"collectionThumbFontSize\":\"18\",\"collectionThumbDescriptionShow\":\"1\",\"collectionThumbDescriptionColor\":\"rgba(0,0,0,1)\",\"collectionThumbDescriptionFontSize\":\"15\",\"collectionReadMoreButtonLabel\":\"Read More\",\"collectionReadMoreButtonLabelColor\":\"rgba(255, 255, 255, 1)\",\"collectionReadMoreButtonBGColor\":\"rgba(0, 0, 0, 1)\",\"collectionReadMoreButtonLabelColorHover\":\"rgba(0, 0, 0, 1)\",\"collectionReadMoreButtonBGColorHover\":\"rgba(235,235,235,1)\",\"modaBgColor\":\"rgba(0,0,0,0.9)\",\"modalInfoBoxBgColor\":\"rgba(255,255,255,1)\",\"modalInfoBoxTitleTextColor\":\"rgba(0,0,0,1)\",\"modalInfoBoxTextColor\":\"rgba(70,70,70,1)\",\"infoBarExifEnable\":\"1\",\"infoBarCountersEnable\":\"1\",\"infoBarDateInfoEnable\":\"1\",\"lightBoxEnable\":\"1\",\"copyR_Protection\":\"1\",\"copyR_Alert\":\"Hello, this photo is mine!\",\"sliderScrollNavi\":\"0\",\"sliderNextPrevAnimation\":\"animation\",\"sliderPreloaderColor\":\"#ffffff\",\"sliderBgColor\":\"rgba(0,0,0,0.8)\",\"sliderHeaderFooterBgColor\":\"#000000\",\"sliderNavigationColor\":\"rgba(0,0,0,1)\",\"sliderNavigationIconColor\":\"rgba(255,255,255,1)\",\"sliderNavigationColorOver\":\"rgba(255,255,255,1)\",\"sliderNavigationIconColorOver\":\"rgba(0,0,0,1)\",\"sliderItemTitleEnable\":\"1\",\"sliderItemTitleFontSize\":\"24\",\"sliderItemTitleTextColor\":\"#ffffff\",\"sliderThumbBarEnable\":\"1\",\"sliderThumbBarHoverColor\":\"#ffffff\",\"sliderThumbSubMenuBackgroundColor\":\"rgba(0,0,0,1)\",\"sliderThumbSubMenuBackgroundColorOver\":\"rgba(255,255,255,1)\",\"sliderThumbSubMenuIconColor\":\"rgba(255,255,255,1)\",\"sliderThumbSubMenuIconHoverColor\":\"rgba(0,0,0,1)\",\"sliderPlayButton\":\"1\",\"slideshowDelay\":\"8\",\"slideshowProgressBarColor\":\"rgba(255,255,255,1)\",\"slideshowProgressBarBGColor\":\"rgba(255,255,255,0.6)\",\"sliderInfoEnable\":\"1\",\"sliderZoomButton\":\"1\",\"sliderItemDownload\":\"1\",\"sliderSocialShareEnabled\":\"1\",\"sliderLikesEnabled\":\"1\",\"sliderFullScreen\":\"1\",\"customCSS\":\"\",\"key\":\"\",\"name\":\"\",\"galleryID\":\"sc7_1\",\"post_url\":\"https:\\\/\\\/www.nvothmarsingen.ch?rest_route=%2Fwp%2Fv2%2Fpages%2F122\",\"module_url\":\"https:\\\/\\\/www.nvothmarsingen.ch\\\/wp-content\\\/plugins\\\/flagallery-skins\\\/amron\\\/\"}, \"data\":[{\"gallery\":{\"gid\":\"1\",\"name\":\"flurbegehungjuni\",\"path\":\"https:\\\/\\\/www.nvothmarsingen.ch\\\/wp-content\\\/flagallery\\\/flurbegehungjuni\",\"title\":\"Flurbegehung 3.Juni 2012\",\"galdesc\":\"Die Teilnehmer der Flurbegehung 2012 wurden f\\u00fcr den starken Regen durch interessante Informationen entsch\\u00e4digt. Besten Dank an Werner Bryner! \"},\"data\":[]}]}<\/script><\/div><noscript id=\"noscript_FlaGallery_sc7_1\"><\/noscript>\n<p>&nbsp;<\/p>\n<h3><\/h3>\n<p>&nbsp;<\/p>\n<p>&nbsp;<\/p>\n<p>&nbsp;<\/p>\n","protected":false},"excerpt":{"rendered":"<p>Abschlusshock 11. November 2012 Der Abschlusshock der aktiven Vogelsch\u00fctzer fand traditionsgem\u00e4ss im Waldhaus Othmarsingen statt. Abendbummel mit den Nachbarsektionen NV Dottikon und Hendschiken 10.08.2012 Der gem\u00fctliche Anlass mit unseren Kollegen aus den Nachbard\u00f6rfern war ein voller Erfolg &#8211; perfektes Wetter, nette Leute, gem\u00fctliches Beisammensein. Abendspaziergang 13.07.2012 Trotz str\u00f6mendem Regen (Petrus ist dieses Jahr nicht Mitglied [&hellip;]<\/p>\n","protected":false},"author":2,"featured_media":0,"parent":198,"menu_order":0,"comment_status":"closed","ping_status":"open","template":"","meta":{"footnotes":""},"_links":{"self":[{"href":"https:\/\/www.nvothmarsingen.ch\/index.php?rest_route=\/wp\/v2\/pages\/122"}],"collection":[{"href":"https:\/\/www.nvothmarsingen.ch\/index.php?rest_route=\/wp\/v2\/pages"}],"about":[{"href":"https:\/\/www.nvothmarsingen.ch\/index.php?rest_route=\/wp\/v2\/types\/page"}],"author":[{"embeddable":true,"href":"https:\/\/www.nvothmarsingen.ch\/index.php?rest_route=\/wp\/v2\/users\/2"}],"replies":[{"embeddable":true,"href":"https:\/\/www.nvothmarsingen.ch\/index.php?rest_route=%2Fwp%2Fv2%2Fcomments&post=122"}],"version-history":[{"count":3,"href":"https:\/\/www.nvothmarsingen.ch\/index.php?rest_route=\/wp\/v2\/pages\/122\/revisions"}],"predecessor-version":[{"id":174,"href":"https:\/\/www.nvothmarsingen.ch\/index.php?rest_route=\/wp\/v2\/pages\/122\/revisions\/174"}],"up":[{"embeddable":true,"href":"https:\/\/www.nvothmarsingen.ch\/index.php?rest_route=\/wp\/v2\/pages\/198"}],"wp:attachment":[{"href":"https:\/\/www.nvothmarsingen.ch\/index.php?rest_route=%2Fwp%2Fv2%2Fmedia&parent=122"}],"curies":[{"name":"wp","href":"https:\/\/api.w.org\/{rel}","templated":true}]}}